{"id":3733,"date":"2013-05-24T20:57:42","date_gmt":"2013-05-24T20:57:42","guid":{"rendered":"http:\/\/theme-fusion.com\/avadaxml\/?page_id=3733"},"modified":"2026-05-15T17:08:15","modified_gmt":"2026-05-15T16:08:15","slug":"startseite","status":"publish","type":"page","link":"https:\/\/www.aegis.at\/wordpress\/","title":{"rendered":"Startseite"},"content":{"rendered":"<p><div class=\"fusion-fullwidth fullwidth-box fusion-builder-row-1 has-pattern-background has-mask-background hundred-percent-fullwidth non-hundred-percent-height-scrolling\" style=\"--awb-border-radius-top-left:0px;--awb-border-radius-top-right:0px;--awb-border-radius-bottom-right:0px;--awb-border-radius-bottom-left:0px;--awb-overflow:visible;--awb-margin-top:30px;--awb-background-color:#ffffff;--awb-flex-wrap:wrap;\" ><div class=\"fusion-builder-row fusion-row\"><div class=\"fusion-layout-column fusion_builder_column fusion-builder-column-0 fusion_builder_column_1_1 1_1 fusion-one-full fusion-column-first fusion-column-last fusion-column-no-min-height\" style=\"--awb-bg-size:cover;--awb-margin-top:30px;--awb-margin-bottom:50px;\" data-scroll-devices=\"small-visibility,medium-visibility,large-visibility\"><div class=\"fusion-column-wrapper fusion-column-has-shadow fusion-flex-column-wrapper-legacy\"><div class=\"fusion-text fusion-text-1\" style=\"--awb-content-alignment:center;\"><p><img decoding=\"async\" class=\"alignnone size-full wp-image-14481\" src=\"https:\/\/www.aegis.at\/wordpress\/wp-content\/uploads\/CleanShot-2026-05-15-at-18.07.13.png\" alt=\"\" width=\"1557\" height=\"1134\" srcset=\"https:\/\/www.aegis.at\/wordpress\/wp-content\/uploads\/CleanShot-2026-05-15-at-18.07.13-200x146.png 200w, https:\/\/www.aegis.at\/wordpress\/wp-content\/uploads\/CleanShot-2026-05-15-at-18.07.13-300x218.png 300w, https:\/\/www.aegis.at\/wordpress\/wp-content\/uploads\/CleanShot-2026-05-15-at-18.07.13-400x291.png 400w, https:\/\/www.aegis.at\/wordpress\/wp-content\/uploads\/CleanShot-2026-05-15-at-18.07.13-600x437.png 600w, https:\/\/www.aegis.at\/wordpress\/wp-content\/uploads\/CleanShot-2026-05-15-at-18.07.13-768x559.png 768w, https:\/\/www.aegis.at\/wordpress\/wp-content\/uploads\/CleanShot-2026-05-15-at-18.07.13-800x583.png 800w, https:\/\/www.aegis.at\/wordpress\/wp-content\/uploads\/CleanShot-2026-05-15-at-18.07.13-1024x746.png 1024w, https:\/\/www.aegis.at\/wordpress\/wp-content\/uploads\/CleanShot-2026-05-15-at-18.07.13-1200x874.png 1200w, https:\/\/www.aegis.at\/wordpress\/wp-content\/uploads\/CleanShot-2026-05-15-at-18.07.13-1320x961.png 1320w, https:\/\/www.aegis.at\/wordpress\/wp-content\/uploads\/CleanShot-2026-05-15-at-18.07.13-1536x1119.png 1536w, https:\/\/www.aegis.at\/wordpress\/wp-content\/uploads\/CleanShot-2026-05-15-at-18.07.13.png 1557w\" sizes=\"(max-width: 1557px) 100vw, 1557px\" \/><\/p>\n<\/div><div class=\"fusion-clearfix\"><\/div><\/div><\/div><div class=\"fusion-layout-column fusion_builder_column fusion-builder-column-1 fusion_builder_column_1_1 1_1 fusion-one-full fusion-column-first fusion-column-last fusion-column-no-min-height\" style=\"--awb-bg-size:cover;--awb-margin-top:30px;--awb-margin-bottom:0px;\"><div class=\"fusion-column-wrapper fusion-column-has-shadow fusion-flex-column-wrapper-legacy\"><div class=\"fusion-content-boxes content-boxes columns row fusion-columns-2 fusion-columns-total-2 fusion-content-boxes-1 content-boxes-icon-boxed content-left\" style=\"--awb-backgroundcolor:var(--awb-color4);--awb-margin-top:50px;--awb-hover-accent-color:var(--awb-color8);--awb-circle-hover-accent-color:var(--awb-color8);\" data-animationOffset=\"top-into-view\"><div style=\"--awb-backgroundcolor:var(--awb-color4);\" class=\"fusion-column content-box-column content-box-column content-box-column-1 col-lg-6 col-md-6 col-sm-6 fusion-content-box-hover content-box-column-first-in-row\"><div class=\"col content-box-wrapper content-wrapper-background content-wrapper-boxed link-area-link-icon link-type-button icon-hover-animation-fade\" data-animationOffset=\"top-into-view\"><div class=\"heading heading-with-icon icon-left\"><a class=\"heading-link\" href=\"https:\/\/rumble.com\/v6xvxpc-das-masernschutzgesetz-auf-dem-prfstand-fakten-interview-dr.-weikl-mit-prof.html\" target=\"_blank\" rel=\"noopener noreferrer\"><div class=\"icon\"><i style=\"border-color:#333333;border-width:1px;background-color:#333333;box-sizing:content-box;height:42px;width:42px;line-height:42px;top:-71px;margin-left:-21px;border-radius:100%;font-size:21px;\" aria-hidden=\"true\" class=\"fontawesome-icon fa-info fas circle-yes\"><\/i><\/div><h2 class=\"content-box-heading\" style=\"--h2_typography-font-size:18px;line-height:23px;\">Das Masernschutzgesetz auf dem Pr\u00fcfstand<\/h2><\/a><\/div><div class=\"fusion-clearfix\"><\/div><a class=\"fusion-read-more-button fusion-content-box-button fusion-button button-default fusion-button-default-size button- button-flat\" href=\"https:\/\/rumble.com\/v6xvxpc-das-masernschutzgesetz-auf-dem-prfstand-fakten-interview-dr.-weikl-mit-prof.html\" target=\"_blank\" rel=\"noopener noreferrer\"><span class=\"fusion-button-text\">weitere Informationen<\/span><\/a><div class=\"fusion-clearfix\"><\/div><\/div><\/div><div style=\"--awb-backgroundcolor:var(--awb-color4);\" class=\"fusion-column content-box-column content-box-column content-box-column-2 col-lg-6 col-md-6 col-sm-6 fusion-content-box-hover content-box-column-last content-box-column-last-in-row\"><div class=\"col content-box-wrapper content-wrapper-background content-wrapper-boxed link-area-link-icon link-type-button icon-hover-animation-fade\" data-animationOffset=\"top-into-view\"><div class=\"heading heading-with-icon icon-left\"><a class=\"heading-link\" href=\"https:\/\/www.gesundezukunft-kongress.at\/vorarlberg2025\/\" target=\"_blank\" rel=\"noopener noreferrer\"><div class=\"icon\"><i style=\"border-color:#333333;border-width:1px;background-color:#333333;box-sizing:content-box;height:42px;width:42px;line-height:42px;top:-71px;margin-left:-21px;border-radius:100%;font-size:21px;\" aria-hidden=\"true\" class=\"fontawesome-icon fa-info fas circle-yes\"><\/i><\/div><h2 class=\"content-box-heading\" style=\"--h2_typography-font-size:18px;line-height:23px;\">GESUNDE ZUKUNFT KONGRESS Vorarlberg 2025<\/h2><\/a><\/div><div class=\"fusion-clearfix\"><\/div><a class=\"fusion-read-more-button fusion-content-box-button fusion-button button-default fusion-button-default-size button- button-flat\" href=\"https:\/\/www.gesundezukunft-kongress.at\/vorarlberg2025\/\" target=\"_blank\" rel=\"noopener noreferrer\"><span class=\"fusion-button-text\">weitere Informationen<\/span><\/a><div class=\"fusion-clearfix\"><\/div><\/div><\/div><div class=\"fusion-clearfix\"><\/div><\/div><div class=\"fusion-clearfix\"><\/div><\/div><\/div><div class=\"fusion-layout-column fusion_builder_column fusion-builder-column-2 fusion_builder_column_1_1 1_1 fusion-one-full fusion-column-first fusion-column-last fusion-column-no-min-height\" style=\"--awb-bg-size:cover;--awb-margin-top:30px;--awb-margin-bottom:0px;\"><div class=\"fusion-column-wrapper fusion-column-has-shadow fusion-flex-column-wrapper-legacy\"><div class=\"fusion-reading-box-container reading-box-container-1\" style=\"--awb-title-color:#333333;--awb-margin-top:0px;--awb-margin-bottom:84px;\"><div class=\"reading-box\" style=\"background-color:#f6f6f6;border-width:1px;border-color:#f6f6f6;border-style:solid;\"><a class=\"button fusion-button button-default fusion-button-small button-small button-flat fusion-desktop-button fusion-tagline-button continue fusion-desktop-button-margin continue-right\" style=\"-webkit-box-shadow:none;-moz-box-shadow:none;box-shadow:none;border-radius:  \" href=\"https:\/\/www.paypal.com\/cgi-bin\/webscr?cmd=_donations&amp;business=info%40aegis%2eat&amp;lc=AT&amp;item_name=AEGIS&amp;no_note=0&amp;currency_code=EUR&amp;bn=PP%2dDonationsBF%3abtn_donateCC_LG%2egif%3aNonHostedGuest\" target=\"_blank\" rel=\"noopener noreferrer\"><span>Spenden<\/span><\/a><h2>Aegis \u00d6sterreich ist \u00fcber jede kleine Spende froh!<\/h2><div class=\"reading-box-description fusion-reading-box-additional\">Raiffeisenbank Ligist\n\nIBAN: AT65 3848 7000 0211 2118\n\nBIC: RZSTAT2G487<\/div><div class=\"fusion-clearfix\"><\/div><a class=\"button fusion-button button-default fusion-button-small button-small button-flat fusion-mobile-button continue-right\" style=\"-webkit-box-shadow:none;-moz-box-shadow:none;box-shadow:none;border-radius:  \" href=\"https:\/\/www.paypal.com\/cgi-bin\/webscr?cmd=_donations&amp;business=info%40aegis%2eat&amp;lc=AT&amp;item_name=AEGIS&amp;no_note=0&amp;currency_code=EUR&amp;bn=PP%2dDonationsBF%3abtn_donateCC_LG%2egif%3aNonHostedGuest\" target=\"_blank\" rel=\"noopener noreferrer\"><span>Spenden<\/span><\/a><\/div><\/div><div class=\"fusion-text fusion-text-2\"><p><a href=\"https:\/\/www.aegis.at\/wordpress\/shop\/buecher\/mythos-ansteckung-was-von-der-ansteckung-bleibt\/\" target=\"_blank\" rel=\"noopener\"><img decoding=\"async\" class=\"alignnone size-full wp-image-7799 aligncenter\" src=\"https:\/\/www.aegis.at\/wordpress\/wp-content\/uploads\/2014\/08\/Download.jpg\" alt=\"\" width=\"260\" height=\"260\" srcset=\"https:\/\/www.aegis.at\/wordpress\/wp-content\/uploads\/2014\/08\/Download-15x15.jpg 15w, https:\/\/www.aegis.at\/wordpress\/wp-content\/uploads\/2014\/08\/Download-66x66.jpg 66w, https:\/\/www.aegis.at\/wordpress\/wp-content\/uploads\/2014\/08\/Download-100x100.jpg 100w, https:\/\/www.aegis.at\/wordpress\/wp-content\/uploads\/2014\/08\/Download-150x150.jpg 150w, https:\/\/www.aegis.at\/wordpress\/wp-content\/uploads\/2014\/08\/Download-200x200.jpg 200w, https:\/\/www.aegis.at\/wordpress\/wp-content\/uploads\/2014\/08\/Download.jpg 260w\" sizes=\"(max-width: 260px) 100vw, 260px\" \/><\/a><\/p>\n<p style=\"text-align: center;\">Wieder erh\u00e4ltlich:<\/p>\n<p style=\"text-align: center;\"><a href=\"https:\/\/www.aegis.at\/wordpress\/shop\/buecher\/mythos-ansteckung-was-von-der-ansteckung-bleibt\/\" target=\"_blank\" rel=\"noopener\">Mythos Ansteckung kaufen<\/a><\/p>\n<\/div><div class=\"fusion-title title fusion-title-1 fusion-title-text fusion-title-size-two\" style=\"--awb-margin-top-small:0px;--awb-margin-right-small:0px;--awb-margin-bottom-small:20px;--awb-margin-left-small:0px;\"><h2 class=\"fusion-title-heading title-heading-left\" style=\"margin:0;\"><span style=\"color: #a0c751;\"><strong>Was wir Ihnen bieten<\/strong><\/span><\/h2><span class=\"awb-title-spacer\"><\/span><div class=\"title-sep-container\"><div class=\"title-sep sep-double sep-solid\" style=\"border-color:#e0dede;\"><\/div><\/div><\/div><div class=\"fusion-flip-boxes flip-boxes row fusion-columns-2 flip-effect-classic\"><div class=\"fusion-flip-box-wrapper fusion-column col-lg-6 col-md-6 col-sm-6\"><div class=\"fusion-flip-box flip-right\" tabindex=\"0\"><div class=\"flip-box-inner-wrapper\"><div class=\"flip-box-front\" style=\"--awb-border-size:1px;--awb-border-radius:4px;\"><div class=\"flip-box-front-inner\"><h2 class=\"flip-box-heading without-text\">News<\/h2><\/div><\/div><div class=\"flip-box-back\" style=\"--awb-border-size:1px;--awb-border-radius:4px;--awb-title-back-color:#000000;\"><div class=\"flip-box-back-inner\"><h3 class=\"flip-box-heading-back\">News<\/h3>Hier bieten wir Ihnen aktuelle Informationen rund um das Thema Impfungen, Impfsch\u00e4den und Gesundheit sowie laufende Berichte unserer Arbeit.<div class=\"fusion-button-wrapper\"><a class=\"fusion-button button-flat button-small button-lightgray fusion-button-lightgray button-1 fusion-button-default-span fusion-button-default-type\" target=\"_self\" href=\"https:\/\/www.aegis.at\/wordpress\/news\/\"><span class=\"fusion-button-text awb-button__text awb-button__text--default\">zu den News<\/span><\/a><\/div><\/div><\/div><\/div><\/div><\/div><div class=\"fusion-flip-box-wrapper fusion-column col-lg-6 col-md-6 col-sm-6\"><div class=\"fusion-flip-box flip-right\" tabindex=\"0\"><div class=\"flip-box-inner-wrapper\"><div class=\"flip-box-front\" style=\"--awb-border-size:1px;--awb-border-radius:4px;\"><div class=\"flip-box-front-inner\"><h2 class=\"flip-box-heading without-text\">Veranstaltungen<\/h2><\/div><\/div><div class=\"flip-box-back\" style=\"--awb-border-size:1px;--awb-border-radius:4px;--awb-title-back-color:#000000;\"><div class=\"flip-box-back-inner\"><h3 class=\"flip-box-heading-back\">Veranstaltungen<\/h3>\nHier finden Sie alle Veranstaltungen der n\u00e4chsten Zeit. Wir freuen uns Sie bei einer unserer Veranstaltungen pers\u00f6nlich begr\u00fc\u00dfen zu d\u00fcrfen.<div class=\"fusion-button-wrapper\"><a class=\"fusion-button button-flat button-small button-lightgray fusion-button-lightgray button-2 fusion-button-default-span fusion-button-default-type\" target=\"_self\" href=\"https:\/\/www.aegis.at\/wordpress\/veranstaltungen_aktuell\"><span class=\"fusion-button-text awb-button__text awb-button__text--default\">Veranstaltungs\u00fcbersicht<\/span><\/a><\/div><\/div><\/div><\/div><\/div><\/div><div class=\"fusion-flip-box-wrapper fusion-column col-lg-6 col-md-6 col-sm-6\"><div class=\"fusion-flip-box flip-right\" tabindex=\"0\"><div class=\"flip-box-inner-wrapper\"><div class=\"flip-box-front\" style=\"--awb-border-size:1px;--awb-border-radius:4px;\"><div class=\"flip-box-front-inner\"><h2 class=\"flip-box-heading without-text\">Shop<\/h2><\/div><\/div><div class=\"flip-box-back\" style=\"--awb-border-size:1px;--awb-border-radius:4px;--awb-title-back-color:#000000;\"><div class=\"flip-box-back-inner\"><h3 class=\"flip-box-heading-back\">Shop<\/h3>\nIn unserem Shop bieten wir Ihnen interessante B\u00fccher zum Thema Impfungen und Gesundheit. Weiters k\u00f6nnen Sie DVDs und die Heftreihe Impuls kaufen.<div class=\"fusion-button-wrapper\"><a class=\"fusion-button button-flat button-small button-lightgray fusion-button-lightgray button-3 fusion-button-default-span fusion-button-default-type\" target=\"_self\" href=\"https:\/\/www.aegis.at\/wordpress\/shop\/\"><span class=\"fusion-button-text awb-button__text awb-button__text--default\">zum Shop<\/span><\/a><\/div><\/div><\/div><\/div><\/div><\/div><div class=\"fusion-flip-box-wrapper fusion-column col-lg-6 col-md-6 col-sm-6\"><div class=\"fusion-flip-box flip-right\" tabindex=\"0\"><div class=\"flip-box-inner-wrapper\"><div class=\"flip-box-front\" style=\"--awb-border-size:1px;--awb-border-radius:4px;\"><div class=\"flip-box-front-inner\"><h2 class=\"flip-box-heading without-text\">Service<\/h2><\/div><\/div><div class=\"flip-box-back\" style=\"--awb-border-size:1px;--awb-border-radius:4px;--awb-title-back-color:#000000;\"><div class=\"flip-box-back-inner\"><h3 class=\"flip-box-heading-back\">Service<\/h3>Hier finden Sie kostenlose Downloads und Videos, sowie interessante, weiterf\u00fchrende Links und Termine von unseren Partnerorganisationen.<div class=\"fusion-button-wrapper\"><a class=\"fusion-button button-flat button-small button-lightgray fusion-button-lightgray button-4 fusion-button-default-span fusion-button-default-type\" target=\"_self\" href=\"https:\/\/www.aegis.at\/wordpress\/service\/\"><span class=\"fusion-button-text awb-button__text awb-button__text--default\">zum Serviceangebot<\/span><\/a><\/div><\/div><\/div><\/div><\/div><\/div><\/div><div class=\"clearfix\"><\/div><div class=\"fusion-title title fusion-title-2 fusion-title-text fusion-title-size-two\" style=\"--awb-margin-top-small:0px;--awb-margin-right-small:0px;--awb-margin-bottom-small:20px;--awb-margin-left-small:0px;\"><h2 class=\"fusion-title-heading title-heading-left\" style=\"margin:0;\"><span style=\"color: #a0c751;\"><strong>Neuigkeiten<\/strong><\/span><\/h2><span class=\"awb-title-spacer\"><\/span><div class=\"title-sep-container\"><div class=\"title-sep sep-double sep-solid\" style=\"border-color:#e0dede;\"><\/div><\/div><\/div><div class=\"fusion-recent-posts fusion-recent-posts-1 avada-container layout-date-on-side layout-columns-3\"><section class=\"fusion-columns columns fusion-columns-3 columns-3\"><article class=\"post fusion-column column col col-lg-4 col-md-4 col-sm-4 fusion-animated\" data-animationType=\"flash\" data-animationDuration=\"1.0\" data-animationOffset=\"top-into-view\"><div class=\"fusion-date-and-formats\"><div class=\"fusion-date-box updated\"><span class=\"fusion-date\">9<\/span><span class=\"fusion-month-year\">08, 2022<\/span><\/div><div class=\"fusion-format-box\"><i class=\"awb-icon-pen\" aria-hidden=\"true\"><\/i><\/div><\/div><div class=\"recent-posts-content\"><h4 class=\"\"><a href=\"https:\/\/www.aegis.at\/wordpress\/offener-brief-von-corona-massnahmen-und-impfgegnern-betreffend-den-tod-der-aerztin-dr-kellermayr\/\">OFFENER BRIEF von &#8222;Corona&#8220;-Ma\u00dfnahmen- und Impfgegnern betreffend den Tod der \u00c4rztin Dr. Kellermayr<\/a><\/h4><p>  Zeiselmauer (OTS)\u00a0-\u00a0Anl\u00e4sslich des bedauernswerten Todes der jungen und sehr engagierten \u00c4rztin Dr. Lisa-Maria Kellermayr erkl\u00e4ren na<\/p><\/div><\/article><article class=\"post fusion-column column col col-lg-4 col-md-4 col-sm-4 fusion-animated\" data-animationType=\"flash\" data-animationDuration=\"1.0\" data-animationOffset=\"top-into-view\"><div class=\"fusion-date-and-formats\"><div class=\"fusion-date-box updated\"><span class=\"fusion-date\">10<\/span><span class=\"fusion-month-year\">12, 2021<\/span><\/div><div class=\"fusion-format-box\"><i class=\"awb-icon-pen\" aria-hidden=\"true\"><\/i><\/div><\/div><div class=\"recent-posts-content\"><h4 class=\"\"><a href=\"https:\/\/www.aegis.at\/wordpress\/standhaft-bleiben-rechtsanwaelte-fuer-grundrechte-erlaeutern-vorgehen-gegen-impfpflicht\/\">Standhaft bleiben! Rechtsanw\u00e4lte f\u00fcr Grundrechte erl\u00e4utern Vorgehen gegen Impfpflicht<\/a><\/h4><p>  Standhaft bleiben! Rechtsanw\u00e4lte f\u00fcr Grundrechte erl\u00e4utern Vorgehen gegen Impfpflicht (Quelle:\u00a0Report 24) Die\u00a0Rechtsanw\u00e4lte f\u00fcr Grund<\/p><\/div><\/article><article class=\"post fusion-column column col col-lg-4 col-md-4 col-sm-4 fusion-animated\" data-animationType=\"flash\" data-animationDuration=\"1.0\" data-animationOffset=\"top-into-view\"><div class=\"fusion-date-and-formats\"><div class=\"fusion-date-box updated\"><span class=\"fusion-date\">29<\/span><span class=\"fusion-month-year\">11, 2021<\/span><\/div><div class=\"fusion-format-box\"><i class=\"awb-icon-pen\" aria-hidden=\"true\"><\/i><\/div><\/div><div class=\"recent-posts-content\"><h4 class=\"\"><a href=\"https:\/\/www.aegis.at\/wordpress\/unter-die-haut-was-macht-aluminium-in-impfungen\/\">UNTER DIE HAUT \u2013 Was macht Aluminium in Impfungen?<\/a><\/h4><p>  UNTER DIE HAUT \u2013 Was macht Aluminium in Impfungen? Dokumentarfilm 94 Minuten, 2021 Bert Ehgartner unternimmt in seinem neuen Film ein<\/p><\/div><\/article><\/section><\/div><div class=\"fusion-clearfix\"><\/div><\/div><\/div><div class=\"fusion-layout-column fusion_builder_column fusion-builder-column-3 fusion_builder_column_1_1 1_1 fusion-one-full fusion-column-first fusion-column-last fusion-column-no-min-height\" style=\"--awb-bg-color:#ffffff;--awb-bg-color-hover:#ffffff;--awb-bg-size:cover;--awb-margin-bottom:0px;\"><div class=\"fusion-column-wrapper fusion-column-has-shadow fusion-flex-column-wrapper-legacy\"><div class=\"fusion-sep-clear\"><\/div><div class=\"fusion-separator fusion-full-width-sep\" style=\"margin-left: auto;margin-right: auto;width:100%;\"><div class=\"fusion-separator-border sep-double\" style=\"--awb-height:20px;--awb-amount:20px;border-color:#e0dede;border-top-width:1px;border-bottom-width:1px;\"><\/div><\/div><div class=\"fusion-sep-clear\"><\/div><div class=\"fusion-text fusion-text-3\"><h1 id=\"video-title\" class=\"page-title\" style=\"text-align: center;\"><span style=\"color: #99cc00;\">Gro\u00dfes Aufwachen statt Great Reset: War eine Krise notwendig, Herr Schubert?<\/span><\/h1>\n<\/div><div class=\"fusion-sep-clear\"><\/div><div class=\"fusion-separator fusion-full-width-sep\" style=\"margin-left: auto;margin-right: auto;width:100%;\"><div class=\"fusion-separator-border sep-single sep-solid\" style=\"--awb-height:20px;--awb-amount:20px;border-color:#e0dede;border-top-width:1px;\"><\/div><\/div><div class=\"fusion-sep-clear\"><\/div><div class=\"fusion-clearfix\"><\/div><\/div><\/div><\/div><\/div><div class=\"fusion-fullwidth fullwidth-box fusion-builder-row-2 fusion-flex-container nonhundred-percent-fullwidth non-hundred-percent-height-scrolling\" style=\"--awb-border-radius-top-left:0px;--awb-border-radius-top-right:0px;--awb-border-radius-bottom-right:0px;--awb-border-radius-bottom-left:0px;--awb-flex-wrap:wrap;\" ><div class=\"fusion-builder-row fusion-row fusion-flex-align-items-flex-start fusion-flex-content-wrap\" style=\"max-width:1248px;margin-left: calc(-4% \/ 2 );margin-right: calc(-4% \/ 2 );\"><div class=\"fusion-layout-column fusion_builder_column fusion-builder-column-4 fusion_builder_column_1_2 1_2 fusion-flex-column fusion-flex-align-self-flex-start fusion-column-no-min-height\" style=\"--awb-bg-size:cover;--awb-width-large:50%;--awb-margin-top-large:30px;--awb-spacing-right-large:3.84%;--awb-margin-bottom-large:0px;--awb-spacing-left-large:3.84%;--awb-width-medium:100%;--awb-order-medium:0;--awb-spacing-right-medium:1.92%;--awb-spacing-left-medium:1.92%;--awb-width-small:100%;--awb-order-small:0;--awb-spacing-right-small:1.92%;--awb-spacing-left-small:1.92%;\"><div class=\"fusion-column-wrapper fusion-column-has-shadow fusion-flex-justify-content-flex-start fusion-content-layout-column\"><div class=\"fusion-text fusion-text-4\" style=\"--awb-text-transform:none;\"><h1><strong>Links:<\/strong><\/h1>\n<ul>\n<li><a href=\"https:\/\/www.wahrheitsnetz.com\/impformation-salzburg\/\" target=\"_blank\" rel=\"noopener\">https:\/\/www.wahrheitsnetz.com\/impformation-salzburg\/<\/a><\/li>\n<li><span style=\"color: #99cc00;\"><a style=\"color: #99cc00;\" href=\"https:\/\/transition-tv.ch\/sendung\/ttv-horizonte-prof-dr-stefan-hockertz-psychoneuroimmunologie-die-wahren-hintergruende-der-gentherapie\/\" target=\"_blank\" rel=\"noopener\">Prof. Dr. Stefan Hockertz \u2013 \u00abPsychoneuroimmunologie \u2013 Die wahren Hintergr\u00fcnde der Gentherapie\u00bb<\/a><\/span><\/li>\n<li><span style=\"color: #99cc00;\"><a style=\"color: #99cc00;\" href=\"https:\/\/www.ots.at\/presseaussendung\/OTS_20220805_OTS0024\/offener-brief-von-corona-massnahmen-und-impfgegnern-betreffend-den-tod-der-aerztin-dr-kellermayr\" target=\"_blank\" rel=\"noopener\">OFFENER BRIEF von &#8222;Corona&#8220;-Ma\u00dfnahmen- und Impfgegnern betreffend den Tod der \u00c4rztin Dr. Kellermayr<\/a><\/span><\/li>\n<li><span style=\"color: #99cc00;\"><a style=\"color: #99cc00;\" href=\"http:\/\/www.ungeimpft-gesund.info\/\">www.ungeimpft-gesund.info<\/a><\/span><\/li>\n<li><strong>Reportagen \u00fcber Impfopfer<br \/>\n<\/strong><span style=\"color: #99cc00;\">https:\/\/www.servustv.com\/aktuelles\/a\/reportage-im-stich-gelassen-die-covid- impfopfer\/201058\/<\/span><\/li>\n<li>Unternehmer organisieren sich f\u00fcr freie Impf-Entscheidung<br \/>\n<span style=\"color: #99cc00;\">www.einheit.at<\/span><\/li>\n<li><strong>Unterst\u00fctzung der Deklaration f\u00fcr individuelle Impfentscheidung <\/strong>Engagierte Menschen aus den verschiedensten Bereichen haben eine Deklaration verfasst, die man unterst\u00fctzen kann !<br \/>\n<span style=\"color: #99cc00;\"><a style=\"color: #99cc00;\" href=\"http:\/\/www.zukunftjetzt.at\/\">www.zukunftjetzt.at<\/a><br \/>\n<\/span><\/li>\n<li>Initiative Heimat und Umwelt<br \/>\n<span style=\"color: #99cc00;\"><a style=\"color: #99cc00;\" href=\"https:\/\/heimat-und-umwelt.at\/index.php?mact=News,cntnt01,detail,0&amp;cntnt01articleid=129&amp;cntnt01origid=73&amp;cntnt01pagelimit=10&amp;cntnt01returnid=73\">https:\/\/heimat-und-umwelt.at\/index.php?mact=News,cntnt01,detail,0&amp;cntnt01articleid=129&amp;cntnt01origid=73&amp;cntnt01pagelimit=10&amp;cntnt01returnid=73<\/a><\/span><\/li>\n<li>Der Krieg gegen die Ungeimpften ist verloren:<br \/>\n<span style=\"color: #99cc00;\"><a style=\"color: #99cc00;\" href=\"https:\/\/uncutnews.ch\/der-krieg-gegen-die-ungeimpften-ist-verloren\/\">https:\/\/uncutnews.ch\/der-krieg-gegen-die-ungeimpften-ist-verloren\/<\/a><\/span><\/li>\n<li>54 Prozent der \u00d6sterreicher halten nichts mehr von EU-Mitgliedschaft<br \/>\n<span style=\"color: #99cc00;\"><a style=\"color: #99cc00;\" href=\"https:\/\/exxpress.at\/oexit-hammer-54-prozent-der-oesterreicher-halten-nichts-mehr-von-eu-mitgliedschaft\/\">https:\/\/exxpress.at\/oexit-hammer-54-prozent-der-oesterreicher-halten-nichts-mehr-von-eu-mitgliedschaft\/<\/a><\/span><\/li>\n<li>Parade-Linker empfiehlt NATO-Mitgliedschaft statt Neutralit\u00e4t f\u00fcr \u00d6sterreich:<br \/>\n<span style=\"color: #99cc00;\"><a style=\"color: #99cc00;\" href=\"https:\/\/www.krone.at\/2731439\">https:\/\/www.krone.at\/2731439<\/a><\/span><\/li>\n<li>Nehammer nimmt am NATO-Gipfel in Madrid teil und erkl\u00e4rt gleichzeitig, dass niemand an eine NATO-Mitgliedschaft denkt. Wir werden f\u00fcr bl\u00f6d verkauft! Siehe:<br \/>\n<span style=\"color: #99cc00;\"><a style=\"color: #99cc00;\" href=\"https:\/\/www.msn.com\/de-at\/nachrichten\/politik\/nehammer-traf-erdo-c4-9fan-bei-nato-gipfel-in-madrid\/ar-AAZ11pU?fromMaestro=tru\">https:\/\/www.msn.com\/de-at\/nachrichten\/politik\/nehammer-traf-erdo-c4-9fan-bei-nato-gipfel-in-madrid\/ar-AAZ11pU?fromMaestro=tru<\/a><\/span><br \/>\nsowie: <span style=\"color: #99cc00;\"><a style=\"color: #99cc00;\" href=\"https:\/\/www.krone.at\/2747220\">https:\/\/www.krone.at\/2747220<\/a><\/span><\/li>\n<li>Briten bereiten Milit\u00e4r auf Landkrieg in Europa vor<br \/>\n<span style=\"color: #99cc00;\"><a style=\"color: #99cc00;\" href=\"https:\/\/www.oe24.at\/welt\/ukraine-krieg\/briten-bereiten-militaer-auf-landkrieg-in-europa-vor\/522302969\">https:\/\/www.oe24.at\/welt\/ukraine-krieg\/briten-bereiten-militaer-auf-landkrieg-in-europa-vor\/522302969<\/a><\/span><\/li>\n<li>Die Schweiz ergreift die Volksinitiative zur Erhaltung der Neutralit\u00e4t:<u><br \/>\n<\/u><span style=\"color: #99cc00;\"><a style=\"color: #99cc00;\" href=\"https:\/\/www.derbund.ch\/blocher-greift-an-im-herbst-beginnt-die-unterschriftensammlung-503642906838\">https:\/\/www.derbund.ch\/blocher-greift-an-im-herbst-beginnt-die-unterschriftensammlung-503642906838<\/a><\/span><\/li>\n<li>&#8222;Die Reform des Gasmarktes durch die EU-Kommission hat den Handel mit Gas an die B\u00f6rsen freigegeben. Dadurch wurde Gas zu einem Spekulationsobjekt, siehe:<br \/>\n<span style=\"color: #99cc00;\">https:\/\/www.anti-spiegel.ru\/2022\/der-spiegel-kanns-nicht-lassen-wieder-desinformationen-ueber-die-gaskrise\/<\/span><br \/>\n<span style=\"color: #99cc00;\">https:\/\/www.anti-spiegel.ru\/2022\/der-klimawandel-als-geschaeftsmodell-die-welt-sollte-schon-2020-untergehen\/<\/span><\/li>\n<\/ul>\n<\/div><\/div><\/div><div class=\"fusion-layout-column fusion_builder_column fusion-builder-column-5 fusion_builder_column_1_2 1_2 fusion-flex-column fusion-flex-align-self-flex-start fusion-column-no-min-height\" style=\"--awb-bg-size:cover;--awb-width-large:50%;--awb-margin-top-large:100px;--awb-spacing-right-large:3.84%;--awb-margin-bottom-large:0px;--awb-spacing-left-large:3.84%;--awb-width-medium:100%;--awb-order-medium:0;--awb-spacing-right-medium:1.92%;--awb-spacing-left-medium:1.92%;--awb-width-small:100%;--awb-order-small:0;--awb-spacing-right-small:1.92%;--awb-spacing-left-small:1.92%;\"><div class=\"fusion-column-wrapper fusion-column-has-shadow fusion-flex-justify-content-flex-start fusion-content-layout-column\"><div class=\"fusion-title title fusion-title-3 fusion-sep-none fusion-title-center fusion-title-text fusion-title-size-two\" style=\"--awb-margin-top-small:0px;--awb-margin-right-small:0px;--awb-margin-bottom-small:20px;--awb-margin-left-small:0px;\"><h2 class=\"fusion-title-heading title-heading-center\" style=\"margin:0;\"><h1 style=\"text-align: center;\"><span style=\"color: #99cc00;\">Es ist an der Zeit!<\/span><\/h1>\n<p style=\"text-align: center;\">Aegis \u00d6sterreich und Daniel Stoica werden eine Studie machen lassen, die 5 Jahre lang laufen soll!<\/p>\n<h2 style=\"text-align: center;\"><span style=\"color: #ff0000;\"><strong>Wer sich in der Studie befindet, darf also nicht geimpft werden!<\/strong><\/span><\/h2>\n<p style=\"text-align: center;\"><span style=\"color: #ff0000;\"><a style=\"color: #ff0000;\" href=\"http:\/\/www.ungeimpft-gesund.info\/\" target=\"_blank\" rel=\"noopener\">http:\/\/www.ungeimpft-gesund.info\/<\/a><\/span><\/p>\n<p style=\"text-align: center;\"><div class=\"fusion-button-wrapper fusion-aligncenter\"><a class=\"fusion-button button-flat button-xlarge button-darkgray fusion-button-darkgray button-5 fusion-button-default-span \" style=\"--button_text_transform:uppercase;\" target=\"_self\" href=\"https:\/\/www.aegis.at\/wordpress\/der-alptraum-muss-enden-die-studie-der-ungeimpften\/\"><i class=\"fa-info fas awb-button__icon awb-button__icon--default button-icon-left\" aria-hidden=\"true\"><\/i><span class=\"fusion-button-text awb-button__text awb-button__text--default\">mehr Infos hier:<\/span><\/a><\/div><\/h2><\/div><div class=\"fusion-title title fusion-title-4 fusion-sep-none fusion-title-center fusion-title-text fusion-title-size-two\" style=\"--awb-margin-top-small:0px;--awb-margin-right-small:0px;--awb-margin-bottom-small:20px;--awb-margin-left-small:0px;\"><h2 class=\"fusion-title-heading title-heading-center\" style=\"margin:0;\"><\/h2><\/div><\/div><\/div><div class=\"fusion-layout-column fusion_builder_column fusion-builder-column-6 fusion_builder_column_2_3 2_3 fusion-flex-column\" style=\"--awb-padding-top:20px;--awb-padding-right:20px;--awb-padding-bottom:20px;--awb-padding-left:20px;--awb-bg-color:#8bc34a;--awb-bg-color-hover:#8bc34a;--awb-bg-size:cover;--awb-width-large:66.666666666667%;--awb-margin-top-large:30px;--awb-spacing-right-large:2.88%;--awb-margin-bottom-large:20px;--awb-spacing-left-large:2.88%;--awb-width-medium:100%;--awb-order-medium:0;--awb-spacing-right-medium:1.92%;--awb-spacing-left-medium:1.92%;--awb-width-small:100%;--awb-order-small:0;--awb-spacing-right-small:1.92%;--awb-spacing-left-small:1.92%;\"><div class=\"fusion-column-wrapper fusion-column-has-shadow fusion-flex-justify-content-flex-start fusion-content-layout-column\"><div class=\"fusion-text fusion-text-5\"><p><strong>Links zu Anw\u00e4lten und Musterbriefen sowie fortf\u00fchrende Inforamtionen:\u00a0<\/strong><\/p>\n<p><a href=\"https:\/\/www.acu-austria.at\/quellen\/\">https:\/\/www.acu-austria.at\/quellen\/<\/a><br \/>\n<a href=\"https:\/\/www.afa-zone.at\/kostenlose-info-downloads\/\">https:\/\/www.afa-zone.at\/kostenlose-info-downloads\/<\/a><br \/>\n<a href=\"https:\/\/respekt.plus\/\">https:\/\/respekt.plus<\/a><br \/>\n<a href=\"http:\/\/www.initiative.cc\/Artikel\/2021_02_22_Corona-Impfung.htm\" target=\"_blank\" rel=\"noopener\">Initiative<\/a><br \/>\n<a href=\"https:\/\/www.yumpu.com\/de\/document\/read\/65311755\/aktion-gruner-punkt\" target=\"_blank\" rel=\"noopener\">KENT-DEPESCHE<\/a><br \/>\n<a href=\"https:\/\/wirzeigenunsergesicht.org\/\" target=\"_blank\" rel=\"noopener\">https:\/\/wirzeigenunsergesicht.org\/<\/a><br \/>\n<a href=\"https:\/\/www.acu-austria.at\/wir-zeigen-unser-gesicht\/\" target=\"_blank\" rel=\"noopener\">https:\/\/www.acu-austria.at\/wir-zeigen-unser-gesicht\/<\/a><br \/>\n<a href=\"https:\/\/report24.news\/who-aendert-empfehlung-kinder-und-jugendliche-nicht-impfen\/\" target=\"_blank\" rel=\"noopener\">Kinder und Jugendliche nicht impfen!<\/a><br \/>\n<a href=\"https:\/\/report24.news\/ages-chef-allerberger-ohne-pcr-tests-waere-pandemie-niemandem-aufgefallen\/\" target=\"_blank\" rel=\"noopener\">Ohne PCR-Tests w\u00e4re Pandemie niemandem aufgefallen<\/a><\/p>\n<\/div><\/div><\/div><div class=\"fusion-layout-column fusion_builder_column fusion-builder-column-7 fusion_builder_column_1_3 1_3 fusion-flex-column fusion-flex-align-self-flex-start fusion-column-no-min-height\" style=\"--awb-bg-size:cover;--awb-width-large:33.333333333333%;--awb-margin-top-large:30px;--awb-spacing-right-large:5.76%;--awb-margin-bottom-large:0px;--awb-spacing-left-large:5.76%;--awb-width-medium:100%;--awb-order-medium:0;--awb-spacing-right-medium:1.92%;--awb-spacing-left-medium:1.92%;--awb-width-small:100%;--awb-order-small:0;--awb-spacing-right-small:1.92%;--awb-spacing-left-small:1.92%;\"><div class=\"fusion-column-wrapper fusion-column-has-shadow fusion-flex-justify-content-flex-start fusion-content-layout-column\"><div class=\"fusion-text fusion-text-6\"><h1 style=\"text-align: center;\"><span style=\"color: #99cc00;\">Schutz der Kinder<\/span><\/h1>\n<p style=\"text-align: center;\">Hier finden Sie diverse Informationen und Formulare bez\u00fcglich Schulen, MNS Befreiung, &#8230;<\/p>\n<div class=\"fusion-button-wrapper fusion-aligncenter\"><a class=\"fusion-button button-flat fusion-button-default-size button-default fusion-button-default button-6 fusion-button-default-span \" target=\"_self\" href=\"https:\/\/www.aegis.at\/wordpress\/service\/downloads_aegis\/\"><i class=\"fa-external-link-alt fas awb-button__icon awb-button__icon--default button-icon-left\" aria-hidden=\"true\"><\/i><span class=\"fusion-button-text awb-button__text awb-button__text--default\">Hier geht es zu den Downloads<\/span><\/a><\/div>\n<\/div><\/div><\/div><div class=\"fusion-layout-column fusion_builder_column fusion-builder-column-8 fusion_builder_column_1_1 1_1 fusion-flex-column fusion-flex-align-self-flex-start\" style=\"--awb-bg-size:cover;--awb-width-large:100%;--awb-margin-top-large:0px;--awb-spacing-right-large:1.92%;--awb-margin-bottom-large:20px;--awb-spacing-left-large:1.92%;--awb-width-medium:100%;--awb-order-medium:0;--awb-spacing-right-medium:1.92%;--awb-spacing-left-medium:1.92%;--awb-width-small:100%;--awb-order-small:0;--awb-spacing-right-small:1.92%;--awb-spacing-left-small:1.92%;\"><div class=\"fusion-column-wrapper fusion-column-has-shadow fusion-flex-justify-content-flex-start fusion-content-layout-column\"><div class=\"fusion-video fusion-youtube\" style=\"--awb-max-width:1200px;--awb-max-height:675px;\"><div class=\"video-shortcode\"><div class=\"fluid-width-video-wrapper\" style=\"padding-top:56.25%;\" ><iframe class=\"fusion-hidden\" data-privacy-type=\"youtube\" src=\"\" title=\"YouTube video player 1\" data-privacy-src=\"https:\/\/www.youtube.com\/embed\/NpYHAelfQ5U?wmode=transparent&autoplay=0\" width=\"1200\" height=\"675\" allowfullscreen allow=\"autoplay; clipboard-write; encrypted-media; gyroscope; picture-in-picture;\"><\/iframe><div class=\"fusion-privacy-placeholder\" style=\"width:1200px; height:675px;\" data-privacy-type=\"youtube\"><div class=\"fusion-privacy-placeholder-content\"><div class=\"fusion-privacy-label\">Aus Datenschutzgr\u00fcnden ben\u00f6tigt YouTube Ihre Erlaubnis, um geladen zu werden. Weitere Informationen finden Sie in unserer Datenschutzerkl\u00e4rung.<\/div><button data-privacy-type=\"youtube\" class=\"fusion-button button-default fusion-button-default-size button fusion-privacy-consent\">Ich akzeptiere die Datenschutzvereinbarung<\/button><\/div><\/div><\/div><\/div><\/div><\/div><\/div><\/div><\/div><\/p>\n","protected":false},"excerpt":{"rendered":"","protected":false},"author":1002621,"featured_media":0,"parent":0,"menu_order":0,"comment_status":"closed","ping_status":"closed","template":"","meta":{"footnotes":""},"class_list":["post-3733","page","type-page","status-publish","hentry"],"_links":{"self":[{"href":"https:\/\/www.aegis.at\/wordpress\/wp-json\/wp\/v2\/pages\/3733","targetHints":{"allow":["GET"]}}],"collection":[{"href":"https:\/\/www.aegis.at\/wordpress\/wp-json\/wp\/v2\/pages"}],"about":[{"href":"https:\/\/www.aegis.at\/wordpress\/wp-json\/wp\/v2\/types\/page"}],"author":[{"embeddable":true,"href":"https:\/\/www.aegis.at\/wordpress\/wp-json\/wp\/v2\/users\/1002621"}],"replies":[{"embeddable":true,"href":"https:\/\/www.aegis.at\/wordpress\/wp-json\/wp\/v2\/comments?post=3733"}],"version-history":[{"count":0,"href":"https:\/\/www.aegis.at\/wordpress\/wp-json\/wp\/v2\/pages\/3733\/revisions"}],"wp:attachment":[{"href":"https:\/\/www.aegis.at\/wordpress\/wp-json\/wp\/v2\/media?parent=3733"}],"curies":[{"name":"wp","href":"https:\/\/api.w.org\/{rel}","templated":true}]}}