{"id":4291,"date":"2013-06-07T11:42:55","date_gmt":"2013-06-07T09:42:55","guid":{"rendered":"http:\/\/christoph-krieger.at\/aegis\/?page_id=4291"},"modified":"2021-09-02T09:11:23","modified_gmt":"2021-09-02T08:11:23","slug":"videos","status":"publish","type":"page","link":"https:\/\/www.aegis.at\/wordpress\/service\/videos\/","title":{"rendered":"Videos"},"content":{"rendered":"<div class=\"fusion-fullwidth fullwidth-box fusion-builder-row-1 hundred-percent-fullwidth non-hundred-percent-height-scrolling\" style=\"--awb-border-radius-top-left:0px;--awb-border-radius-top-right:0px;--awb-border-radius-bottom-right:0px;--awb-border-radius-bottom-left:0px;--awb-overflow:visible;--awb-flex-wrap:wrap;\" ><div class=\"fusion-builder-row fusion-row\"><div class=\"fusion-layout-column fusion_builder_column fusion-builder-column-0 fusion_builder_column_1_1 1_1 fusion-one-full fusion-column-first fusion-column-last fusion-column-no-min-height\" style=\"--awb-bg-size:cover;--awb-margin-bottom:0px;\"><div class=\"fusion-column-wrapper fusion-flex-column-wrapper-legacy\"><div class=\"fusion-title title fusion-title-1 fusion-title-text fusion-title-size-two\" style=\"--awb-margin-top-small:0px;--awb-margin-right-small:0px;--awb-margin-bottom-small:20px;--awb-margin-left-small:0px;\"><h2 class=\"fusion-title-heading title-heading-left\" style=\"margin:0;\"><span style=\"color: #a0c751;\"><strong>Videos<\/strong><\/span><\/h2><span class=\"awb-title-spacer\"><\/span><div class=\"title-sep-container\"><div class=\"title-sep sep-double sep-solid\" style=\"border-color:#e0dede;\"><\/div><\/div><\/div><div class=\"fusion-text fusion-text-1\"><p><strong>\u201eEs gibt keine echten Wissenschaftler mehr, nur noch Akademiker, die kuschen\u201c<\/strong><\/p>\n<div class=\"video-shortcode\"><iframe class=\"fusion-hidden\" data-privacy-type=\"youtube\" src=\"\" title=\"\u201eEs gibt keine echten Wissenschaftler mehr, nur noch Akademiker, die kuschen\u201c \u2013 Shiva Ayyadurai\" width=\"1200\" height=\"675\" data-privacy-src=\"https:\/\/www.youtube.com\/embed\/w0DMuH44h1Y?feature=oembed\" frameborder=\"0\" allow=\"accelerometer; autoplay; encrypted-media; gyroscope; picture-in-picture\" allowfullscreen><\/iframe><\/p>\n<div class=\"fusion-privacy-placeholder\" style=\"width:1200px; height:675px;\" data-privacy-type=\"youtube\">\n<div class=\"fusion-privacy-placeholder-content\">\n<div class=\"fusion-privacy-label\">Aus Datenschutzgr\u00fcnden ben\u00f6tigt YouTube Ihre Erlaubnis, um geladen zu werden. Weitere Informationen finden Sie in unserer Datenschutzerkl\u00e4rung.<\/div>\n<p><button data-privacy-type=\"youtube\" class=\"fusion-button button-default fusion-button-default-size button fusion-privacy-consent\">Ich akzeptiere die Datenschutzvereinbarung<\/button><\/div>\n<\/div>\n<\/div>\n<h1 class=\"title style-scope ytd-video-primary-info-renderer\"><span style=\"font-size: 14pt;\">Dr. Kurt Sternberger: Die Sache mit dem Eid<\/span><\/h1>\n<div class=\"video-shortcode\"><iframe class=\"fusion-hidden\" data-privacy-type=\"youtube\" src=\"\" title=\"DIE SACHE MIT DEM EID\" width=\"1200\" height=\"675\" data-privacy-src=\"https:\/\/www.youtube.com\/embed\/J0W1dPQgfjU?feature=oembed\" frameborder=\"0\" allow=\"accelerometer; autoplay; clipboard-write; encrypted-media; gyroscope; picture-in-picture\" allowfullscreen><\/iframe><\/p>\n<div class=\"fusion-privacy-placeholder\" style=\"width:1200px; height:675px;\" data-privacy-type=\"youtube\">\n<div class=\"fusion-privacy-placeholder-content\">\n<div class=\"fusion-privacy-label\">Aus Datenschutzgr\u00fcnden ben\u00f6tigt YouTube Ihre Erlaubnis, um geladen zu werden. Weitere Informationen finden Sie in unserer Datenschutzerkl\u00e4rung.<\/div>\n<p><button data-privacy-type=\"youtube\" class=\"fusion-button button-default fusion-button-default-size button fusion-privacy-consent\">Ich akzeptiere die Datenschutzvereinbarung<\/button><\/div>\n<\/div>\n<\/div>\n<h1 class=\"title style-scope ytd-video-primary-info-renderer\"><strong><span style=\"font-size: 14pt;\">Vortrag Mag. Claudia Millwisch &#8211; IMPFEN \/ PRO und CONTRA \/ Teil 1<\/span><\/strong><\/h1>\n<div class=\"video-shortcode\"><iframe class=\"fusion-hidden\" data-privacy-type=\"youtube\" src=\"\" title=\"IMPFEN \/ PRO und CONTRA \/ Teil 1\" width=\"1200\" height=\"675\" data-privacy-src=\"https:\/\/www.youtube.com\/embed\/odIG6kLBsOI?feature=oembed\" frameborder=\"0\" allow=\"accelerometer; autoplay; encrypted-media; gyroscope; picture-in-picture\" allowfullscreen><\/iframe><\/p>\n<div class=\"fusion-privacy-placeholder\" style=\"width:1200px; height:675px;\" data-privacy-type=\"youtube\">\n<div class=\"fusion-privacy-placeholder-content\">\n<div class=\"fusion-privacy-label\">Aus Datenschutzgr\u00fcnden ben\u00f6tigt YouTube Ihre Erlaubnis, um geladen zu werden. Weitere Informationen finden Sie in unserer Datenschutzerkl\u00e4rung.<\/div>\n<p><button data-privacy-type=\"youtube\" class=\"fusion-button button-default fusion-button-default-size button fusion-privacy-consent\">Ich akzeptiere die Datenschutzvereinbarung<\/button><\/div>\n<\/div>\n<\/div>\n<h1 class=\"title style-scope ytd-video-primary-info-renderer\"><strong><span style=\"font-size: 14pt;\">Vortrag Mag. Claudia Millwisch &#8211; IMPFEN \/ PRO und CONTRA \/ Teil 2<\/span><\/strong><\/h1>\n<div class=\"video-shortcode\"><iframe class=\"fusion-hidden\" data-privacy-type=\"youtube\" src=\"\" title=\"IMPFEN \/ PRO und CONTRA \/ Teil 2\" width=\"1200\" height=\"675\" data-privacy-src=\"https:\/\/www.youtube.com\/embed\/jPManVcGlQE?feature=oembed\" frameborder=\"0\" allow=\"accelerometer; autoplay; encrypted-media; gyroscope; picture-in-picture\" allowfullscreen><\/iframe><\/p>\n<div class=\"fusion-privacy-placeholder\" style=\"width:1200px; height:675px;\" data-privacy-type=\"youtube\">\n<div class=\"fusion-privacy-placeholder-content\">\n<div class=\"fusion-privacy-label\">Aus Datenschutzgr\u00fcnden ben\u00f6tigt YouTube Ihre Erlaubnis, um geladen zu werden. Weitere Informationen finden Sie in unserer Datenschutzerkl\u00e4rung.<\/div>\n<p><button data-privacy-type=\"youtube\" class=\"fusion-button button-default fusion-button-default-size button fusion-privacy-consent\">Ich akzeptiere die Datenschutzvereinbarung<\/button><\/div>\n<\/div>\n<\/div>\n<h1 class=\"title style-scope ytd-video-primary-info-renderer\"><strong><span style=\"font-size: 14pt;\">Ist die Grippeimpfung f\u00fcr die Katz? | Dr. med. Ruediger Dahlke | Naturmedizin | QS24 23.01.2020<\/span><\/strong><\/h1>\n<div class=\"video-shortcode\"><iframe class=\"fusion-hidden\" data-privacy-type=\"youtube\" src=\"\" title=\"Ist die Grippeimpfung f\u00fcr die Katz? | Dr. med. Ruediger Dahlke | Naturmedizin | QS24 23.01.2020\" width=\"1200\" height=\"675\" data-privacy-src=\"https:\/\/www.youtube.com\/embed\/m3vTKn4lItY?feature=oembed\" frameborder=\"0\" allow=\"accelerometer; autoplay; encrypted-media; gyroscope; picture-in-picture\" allowfullscreen><\/iframe><\/p>\n<div class=\"fusion-privacy-placeholder\" style=\"width:1200px; height:675px;\" data-privacy-type=\"youtube\">\n<div class=\"fusion-privacy-placeholder-content\">\n<div class=\"fusion-privacy-label\">Aus Datenschutzgr\u00fcnden ben\u00f6tigt YouTube Ihre Erlaubnis, um geladen zu werden. Weitere Informationen finden Sie in unserer Datenschutzerkl\u00e4rung.<\/div>\n<p><button data-privacy-type=\"youtube\" class=\"fusion-button button-default fusion-button-default-size button fusion-privacy-consent\">Ich akzeptiere die Datenschutzvereinbarung<\/button><\/div>\n<\/div>\n<\/div>\n<h3><\/h3>\n<h3 class=\"title style-scope ytd-video-primary-info-renderer\"><strong>L&#8217;ALU TOTAL !<\/strong><\/h3>\n<p><iframe class=\"fusion-hidden\" data-privacy-type=\"youtube\" src=\"\" data-privacy-src=\"\/\/www.youtube.com\/embed\/tGdkUB8HTM8\" width=\"100%\" height=\"456\" frameborder=\"0\" allowfullscreen=\"allowfullscreen\"><\/iframe><div class=\"fusion-privacy-placeholder\" style=\"width:100%; height:456px;\" data-privacy-type=\"youtube\"><div class=\"fusion-privacy-placeholder-content\"><div class=\"fusion-privacy-label\">Aus Datenschutzgr\u00fcnden ben\u00f6tigt YouTube Ihre Erlaubnis, um geladen zu werden. Weitere Informationen finden Sie in unserer Datenschutzerkl\u00e4rung.<\/div><button data-privacy-type=\"youtube\" class=\"fusion-button button-default fusion-button-default-size button fusion-privacy-consent\">Ich akzeptiere die Datenschutzvereinbarung<\/button><\/div><\/div><\/p>\n<h3><strong>Impf Kongress 2016<\/strong><\/h3>\n<p><video controls=\"controls\" width=\"100%\" height=\"100%\"><source src=\"http:\/\/www.aegis.at\/videos\/Impf_Kongress_2016.mp4\" type=\"video\/mp4\" \/><\/video><\/p>\n<h3><strong>Schlimme Kinder<\/strong><\/h3>\n<p><video controls=\"controls\" width=\"100%\" height=\"100%\"><source src=\"http:\/\/www.aegis.at\/videos\/schlimme_Kinder_loi(2).mp4\" type=\"video\/mp4\" \/><\/video><\/p>\n<h3><strong>Film \u00fcber Tetanus<\/strong><\/h3>\n<p><video controls=\"controls\" width=\"100%\" height=\"100%\"><source src=\"http:\/\/www.aegis.at\/videos\/Tetanus.mp4\" type=\"video\/mp4\" \/><\/video><\/p>\n<p><strong>Erinnerungen an Anita Petek-Dimmer<\/strong><\/p>\n<p><video controls=\"controls\" width=\"100%\" height=\"100%\"><source src=\"http:\/\/www.aegis.at\/videos\/Pettek.mp4\" type=\"video\/mp4\" \/><\/video><\/p>\n<p><strong>Demo in Linz (Klagemauer TV)<\/strong><\/p>\n<p><video controls=\"controls\" width=\"100%\" height=\"100%\"><source src=\"http:\/\/www.aegis.at\/videos\/Klagemauer.mp4\" type=\"video\/mp4\" \/><\/video><\/p>\n<p><strong>Demo in Linz (M\u00fchlviertler TV)<\/strong><\/p>\n<p><video controls=\"controls\" width=\"100%\" height=\"100%\"><source src=\"http:\/\/www.aegis.at\/videos\/Muehlviertel.mp4\" type=\"video\/mp4\" \/><\/video><\/p>\n<\/div><div class=\"fusion-clearfix\"><\/div><\/div><\/div><\/div><\/div>\n","protected":false},"excerpt":{"rendered":"","protected":false},"author":1002621,"featured_media":0,"parent":4288,"menu_order":2,"comment_status":"closed","ping_status":"closed","template":"","meta":{"footnotes":""},"class_list":["post-4291","page","type-page","status-publish","hentry"],"_links":{"self":[{"href":"https:\/\/www.aegis.at\/wordpress\/wp-json\/wp\/v2\/pages\/4291","targetHints":{"allow":["GET"]}}],"collection":[{"href":"https:\/\/www.aegis.at\/wordpress\/wp-json\/wp\/v2\/pages"}],"about":[{"href":"https:\/\/www.aegis.at\/wordpress\/wp-json\/wp\/v2\/types\/page"}],"author":[{"embeddable":true,"href":"https:\/\/www.aegis.at\/wordpress\/wp-json\/wp\/v2\/users\/1002621"}],"replies":[{"embeddable":true,"href":"https:\/\/www.aegis.at\/wordpress\/wp-json\/wp\/v2\/comments?post=4291"}],"version-history":[{"count":0,"href":"https:\/\/www.aegis.at\/wordpress\/wp-json\/wp\/v2\/pages\/4291\/revisions"}],"up":[{"embeddable":true,"href":"https:\/\/www.aegis.at\/wordpress\/wp-json\/wp\/v2\/pages\/4288"}],"wp:attachment":[{"href":"https:\/\/www.aegis.at\/wordpress\/wp-json\/wp\/v2\/media?parent=4291"}],"curies":[{"name":"wp","href":"https:\/\/api.w.org\/{rel}","templated":true}]}}