{"id":12977,"date":"2019-05-15T08:48:50","date_gmt":"2019-05-15T07:48:50","guid":{"rendered":"https:\/\/www.aegis.at\/wordpress\/?post_type=tribe_events&#038;p=10140"},"modified":"2020-06-12T06:09:38","modified_gmt":"2020-06-12T05:09:38","slug":"impfen-grundlagen-und-faktenfindung","status":"publish","type":"tribe_events","link":"https:\/\/www.aegis.at\/wordpress\/event\/impfen-grundlagen-und-faktenfindung\/","title":{"rendered":"pathovacc &#8211; IMPFEN Grundlagen und Faktenfindung"},"content":{"rendered":"<h1 class=\"\" style=\"text-align: center;\">IMPFEN<br \/>\nGrundlagen und Faktenfindung<\/h1>\n<p class=\"\" style=\"text-align: center;\">Samstag, 20 Juni 2020<br \/>\nHotel Gambswirt in Tamsweg<\/p>\n<hr \/>\n<h3 class=\"\" style=\"text-align: center;\">Programm<\/h3>\n<div class=\"\" style=\"text-align: center;\">\n<div class=\"\">\n<hr \/>\n<h4 class=\"\">Er\u00f6ffnung<\/h4>\n<\/div>\n<div class=\"\">\n<div class=\"\">\n<p><strong>09:00 Uhr:<\/strong><br \/>\nB\u00fcrgermeister der Marktgemeinde Tamsweg,<br \/>\nMag. Georg Gappmayer<\/p>\n<\/div>\n<div class=\"\">\n<div class=\"\">\n<p>\u00c4rztlicher Leiter des LKH Tamsweg,<br \/>\nPrim. Dr. med. Gregor Labus<\/p>\n<\/div>\n<div class=\"\">\n<p>\u201eBegr\u00fc\u00dfung, Er\u00f6ffnung der Fortbildungsveranstaltung\u201c<\/p>\n<\/div>\n<\/div>\n<\/div>\n<div class=\"\">\n<div class=\"\">\n<p><strong>09:15 Uhr:<\/strong><br \/>\nDr. med. Bernhard Gappmaier, Tamsweg<br \/>\n\u201eEinfu\u0308hrung in die Thematik\u201c<\/p>\n<\/div>\n<\/div>\n<div class=\"\">\n<h4 class=\"\">Vormittag: Grundlagen im Allgemeinen<\/h4>\n<\/div>\n<div class=\"\">\n<div class=\"\">\n<p><strong>09:30 Uhr:<\/strong><br \/>\n1. Vortrag \u2013 Prim. Univ.-Prof. Dr. med. Gernot Tilz, Graz<br \/>\n\u201eGrundlagen der Immunologie\u201c<\/p>\n<\/div>\n<\/div>\n<div class=\"\">\n<div class=\"\">\n<p><strong>10:15 Uhr:<\/strong><br \/>\nDiskussion<\/p>\n<\/div>\n<\/div>\n<div class=\"\">\n<div class=\"\">\n<p><strong>10:30 Uhr:<\/strong><br \/>\n2. Vortrag \u2013 Dr. med. Claus K\u00f6hnlein, Kiel<br \/>\n\u201eNeue virale Seuchen des 21. Jahrhunderts\u201c \u2013 Teil 1<\/p>\n<\/div>\n<\/div>\n<div class=\"\">\n<div class=\"\">\n<p><strong>11:15 Uhr:<\/strong><br \/>\nKaffeepause<\/p>\n<\/div>\n<\/div>\n<div class=\"\">\n<div class=\"\">\n<p><strong>11:45 Uhr:<\/strong><br \/>\n3. Vortrag \u2013 Dr. med. Claus K\u00f6hnlein, Kiel<br \/>\n\u201eNeue virale Seuchen des 21. Jahrhunderts\u201c \u2013 Teil 2<\/p>\n<\/div>\n<\/div>\n<div class=\"\" style=\"text-align: left;\">\n<div class=\"\">\n<p style=\"text-align: center;\"><strong>12:45 Uhr:<\/strong><br \/>\nGemeinsames Mittagessen und Mittagspause<br \/>\nNachmittag: Impfungen im Besonderen<\/p>\n<p style=\"text-align: center;\"><strong>14:30 Uhr:<\/strong><br \/>\n4. Vortrag \u2013 Dr. med. Marie-Luise Schwarz, Ebensee<br \/>\n\u201eCOVID-19-Impfstoffe \u2013 aktuelle Datenlage\u201c<\/p>\n<\/div>\n<\/div>\n<\/div>\n<div class=\"\">\n<div class=\"\" style=\"text-align: center;\">\n<div class=\"\">\n<p><strong>15:15 Uhr:<\/strong><br \/>\nDiskussion<\/p>\n<\/div>\n<\/div>\n<div class=\"\" style=\"text-align: center;\">\n<div class=\"\">\n<p><strong>15:30 Uhr:<\/strong><br \/>\n5. Vortrag \u2013 Mag. Claudia Millwisch<br \/>\n\u201eImpfwesen \u2013 international\u201c<\/p>\n<\/div>\n<div class=\"\">\n<div class=\"\">\n<p><strong>16:00 Uhr:<\/strong><br \/>\n6. Vortrag \u2013 MMag. Wolfgang Heissenberger, LL.B, Wien \u2013 angefragt<br \/>\n\u201eImpfpflicht aus rechtlicher Sicht\u201c<\/p>\n<\/div>\n<\/div>\n<\/div>\n<div class=\"\" style=\"text-align: center;\">\n<div class=\"\">\n<p><strong>16:30 Uhr:<\/strong><br \/>\n7. Vortrag \u2013 Dipl-Ing. Veronika Arbeithuber-Marzini LL.B<br \/>\n\u201eFreie Impfentscheidung \u2013 Ist der Impfzwang verfassungskonform?\u201c<\/p>\n<\/div>\n<\/div>\n<div class=\"\" style=\"text-align: center;\">\n<div class=\"\">\n<p><strong>17:00 Uhr:<\/strong><br \/>\nKaffeepause<\/p>\n<\/div>\n<\/div>\n<div class=\"\" style=\"text-align: center;\">\n<div class=\"\">\n<p><strong>17:30 Uhr:<\/strong><br \/>\nSchlussvortrag \u2013 Dr. Gappmaier<br \/>\n\u201eVolksgesundheit \/ individuelle Heilkunst\u201c<\/p>\n<\/div>\n<\/div>\n<div class=\"\">\n<div class=\"\" style=\"text-align: center;\">\n<p><strong>19:00 Uhr:<\/strong><br \/>\nAbendessen<\/p>\n<hr \/>\n<\/div>\n<h3 class=\"\" style=\"text-align: center;\">Tagungskosten<\/h3>\n<div class=\"\" style=\"text-align: center;\">\n<div class=\"\">\n<h3 class=\"\">85,00 \u20ac<\/h3>\n<\/div>\n<\/div>\n<div class=\"\">\n<p style=\"text-align: center;\">Die Tagungsbeitra\u0308ge dienen einzig der Unkostenerstattung fu\u0308r die Referenten!<br \/>\nAuf die steuerliche Absetzbarkeit der Fortbildungs- und Reisespesen darf verwiesen werden.<\/p>\n<\/div>\n<\/div>\n<\/div>\n","protected":false},"excerpt":{"rendered":"<p>IMPFEN Grundlagen und Faktenfindung Samstag, 20 Juni 2020 Hotel Gambswirt in Tamsweg Programm Er\u00f6ffnung 09:00 Uhr: B\u00fcrgermeister der Marktgemeinde Tamsweg, Mag. Georg Gappmayer \u00c4rztlicher Leiter des LKH Tamsweg, Prim. Dr. med. Gregor Labus \u201eBegr\u00fc\u00dfung, Er\u00f6ffnung der Fortbildungsveranstaltung\u201c 09:15 Uhr: Dr. med. Bernhard Gappmaier, Tamsweg \u201eEinfu\u0308hrung in die Thematik\u201c Vormittag: Grundlagen im Allgemeinen 09:30 Uhr: 1. Vortrag \u2013 Prim. Univ.-Prof. Dr. med. Gernot Tilz, Graz \u201eGrundlagen der Immunologie\u201c 10:15 Uhr: Diskussion 10:30 Uhr: 2. Vortrag \u2013 Dr. med. Claus K\u00f6hnlein, Kiel \u201eNeue virale Seuchen des 21. Jahrhunderts\u201c \u2013 Teil 1 11:15 Uhr: Kaffeepause 11:45 Uhr: 3. Vortrag \u2013 Dr. med. Claus K\u00f6hnlein, Kiel \u201eNeue virale Seuchen des 21. Jahrhunderts\u201c \u2013 Teil 2 12:45 Uhr: Gemeinsames Mittagessen und Mittagspause Nachmittag: Impfungen im Besonderen 14:30 Uhr: 4. Vortrag \u2013 Dr. med. Marie-Luise Schwarz, Ebensee \u201eCOVID-19-Impfstoffe \u2013 aktuelle Datenlage\u201c 15:15 Uhr: Diskussion 15:30 Uhr: 5. Vortrag \u2013 Mag. Claudia Millwisch \u201eImpfwesen \u2013 international\u201c 16:00 Uhr: 6. Vortrag \u2013 MMag. Wolfgang Heissenberger, LL.B, Wien \u2013 angefragt \u201eImpfpflicht aus rechtlicher Sicht\u201c 16:30 Uhr: 7. Vortrag \u2013 Dipl-Ing. Veronika Arbeithuber-Marzini LL.B \u201eFreie Impfentscheidung \u2013 Ist der Impfzwang verfassungskonform?\u201c 17:00 Uhr: Kaffeepause 17:30 Uhr: Schlussvortrag \u2013 Dr. Gappmaier \u201eVolksgesundheit \/ individuelle Heilkunst\u201c 19:00 Uhr: Abendessen Tagungskosten 85,00 \u20ac Die Tagungsbeitra\u0308ge dienen einzig der Unkostenerstattung fu\u0308r die Referenten! Auf die steuerliche Absetzbarkeit der Fortbildungs- und Reisespesen darf verwiesen werden.<\/p>\n","protected":false},"author":1002621,"featured_media":0,"template":"","meta":{"_tribe_events_status":"","_tribe_events_status_reason":"","footnotes":""},"tags":[],"tribe_events_cat":[325],"class_list":["post-12977","tribe_events","type-tribe_events","status-publish","hentry","tribe_events_cat-vortrag","cat_vortrag"],"_links":{"self":[{"href":"https:\/\/www.aegis.at\/wordpress\/wp-json\/wp\/v2\/tribe_events\/12977","targetHints":{"allow":["GET"]}}],"collection":[{"href":"https:\/\/www.aegis.at\/wordpress\/wp-json\/wp\/v2\/tribe_events"}],"about":[{"href":"https:\/\/www.aegis.at\/wordpress\/wp-json\/wp\/v2\/types\/tribe_events"}],"author":[{"embeddable":true,"href":"https:\/\/www.aegis.at\/wordpress\/wp-json\/wp\/v2\/users\/1002621"}],"version-history":[{"count":0,"href":"https:\/\/www.aegis.at\/wordpress\/wp-json\/wp\/v2\/tribe_events\/12977\/revisions"}],"wp:attachment":[{"href":"https:\/\/www.aegis.at\/wordpress\/wp-json\/wp\/v2\/media?parent=12977"}],"wp:term":[{"taxonomy":"post_tag","embeddable":true,"href":"https:\/\/www.aegis.at\/wordpress\/wp-json\/wp\/v2\/tags?post=12977"},{"taxonomy":"tribe_events_cat","embeddable":true,"href":"https:\/\/www.aegis.at\/wordpress\/wp-json\/wp\/v2\/tribe_events_cat?post=12977"}],"curies":[{"name":"wp","href":"https:\/\/api.w.org\/{rel}","templated":true}]}}