{"id":13646,"date":"2019-05-15T08:48:50","date_gmt":"2019-05-15T07:48:50","guid":{"rendered":"https:\/\/www.aegis.at\/wordpress\/?post_type=tribe_events&#038;p=10140"},"modified":"2021-09-30T15:13:49","modified_gmt":"2021-09-30T14:13:49","slug":"freiheitskundgebung-klagenfurt-09-oktober-2021","status":"publish","type":"tribe_events","link":"https:\/\/www.aegis.at\/wordpress\/event\/freiheitskundgebung-klagenfurt-09-oktober-2021\/","title":{"rendered":"Freiheitskundgebung &#8211; Klagenfurt &#8211; 09. Oktober 2021"},"content":{"rendered":"<p><strong>Freiheitskundgebungen<\/strong><\/p>\n<p><strong>Hauptrednerin<\/strong><br \/>\nMin. R\u00e4tin Mag.a Monika Donner<br \/>\nJuristin und Autorin des Buches<br \/>\n\u201eCorona &#8211; Diktatur-Wissen-Widerstand-Freiheit!\u201c<\/p>\n<p>au\u00dferdem Sprecher des Arbeitskreises gegen Elektrosmog Corona\/ Impfen \/ 5G Mobilfunknetz<\/p>\n<p>Die Kundgebungen finden im Freien bei jedem Wetter statt!<\/p>\n<p>Individuelle Transparente, Poster, \u00d6sterreich-und Landesfahnen sehr willkommen!<\/p>\n<p><strong>TERMINE<\/strong><\/p>\n<p>9. Oktober 14-17 Uhr<br \/>\nKLAGENFURT<br \/>\nam Neuen Platz zwischen Lindwurm und Rathaus<\/p>\n<p>16.Oktober 14-17 Uhr<br \/>\nSALZBURG<br \/>\nAm Mozartplatz<\/p>\n<p>23.Oktober 14-17 Uhr<br \/>\n1070 WIEN, Mariahilferstr. 1<br \/>\nam Platz der Menschenrechte<\/p>\n<p><strong>Zusatzredner:<\/strong> Dr. Stefan Lanka, Mikrobiologe<\/p>\n<p>Plattform \u00c4rzte f\u00fcr das Leben, 1090 Wien, W\u00e4hringerg\u00fcrtel 152\/5<br \/>\n<a href=\"http:\/\/www.wirzeigenunsergesicht.org\">www.wirzeigenunsergesicht.org<\/a><br \/>\nihu\u00a0 Heimat und umwelt, 3424 Zeiselmauer,Hagengasse 5<br \/>\n<a href=\"http:\/\/www.1984.at\">www.1984.at<\/a><\/p>\n","protected":false},"excerpt":{"rendered":"<p>Freiheitskundgebungen Hauptrednerin Min. R\u00e4tin Mag.a Monika Donner Juristin und Autorin des Buches \u201eCorona &#8211; Diktatur-Wissen-Widerstand-Freiheit!\u201c au\u00dferdem Sprecher des Arbeitskreises gegen Elektrosmog Corona\/ Impfen \/ 5G Mobilfunknetz Die Kundgebungen finden im Freien bei jedem Wetter statt! Individuelle Transparente, Poster, \u00d6sterreich-und Landesfahnen sehr willkommen! TERMINE 9. Oktober 14-17 Uhr KLAGENFURT am Neuen Platz zwischen Lindwurm und Rathaus 16.Oktober 14-17 Uhr SALZBURG Am Mozartplatz 23.Oktober 14-17 Uhr 1070 WIEN, Mariahilferstr. 1 am Platz der Menschenrechte Zusatzredner: Dr. Stefan Lanka, Mikrobiologe Plattform \u00c4rzte f\u00fcr das Leben, 1090 Wien, W\u00e4hringerg\u00fcrtel 152\/5 www.wirzeigenunsergesicht.org ihu\u00a0 Heimat und umwelt, 3424 Zeiselmauer,Hagengasse 5 www.1984.at<\/p>\n","protected":false},"author":1002621,"featured_media":0,"template":"","meta":{"_tribe_events_status":"","_tribe_events_status_reason":"","footnotes":""},"tags":[],"tribe_events_cat":[],"class_list":["post-13646","tribe_events","type-tribe_events","status-publish","hentry"],"_links":{"self":[{"href":"https:\/\/www.aegis.at\/wordpress\/wp-json\/wp\/v2\/tribe_events\/13646","targetHints":{"allow":["GET"]}}],"collection":[{"href":"https:\/\/www.aegis.at\/wordpress\/wp-json\/wp\/v2\/tribe_events"}],"about":[{"href":"https:\/\/www.aegis.at\/wordpress\/wp-json\/wp\/v2\/types\/tribe_events"}],"author":[{"embeddable":true,"href":"https:\/\/www.aegis.at\/wordpress\/wp-json\/wp\/v2\/users\/1002621"}],"version-history":[{"count":0,"href":"https:\/\/www.aegis.at\/wordpress\/wp-json\/wp\/v2\/tribe_events\/13646\/revisions"}],"wp:attachment":[{"href":"https:\/\/www.aegis.at\/wordpress\/wp-json\/wp\/v2\/media?parent=13646"}],"wp:term":[{"taxonomy":"post_tag","embeddable":true,"href":"https:\/\/www.aegis.at\/wordpress\/wp-json\/wp\/v2\/tags?post=13646"},{"taxonomy":"tribe_events_cat","embeddable":true,"href":"https:\/\/www.aegis.at\/wordpress\/wp-json\/wp\/v2\/tribe_events_cat?post=13646"}],"curies":[{"name":"wp","href":"https:\/\/api.w.org\/{rel}","templated":true}]}}